{"id":1413,"date":"2020-04-26T10:56:02","date_gmt":"2020-04-26T08:56:02","guid":{"rendered":"https:\/\/www.ferienwohnung-suedtirol.com\/area-vacanza\/"},"modified":"2025-07-24T15:46:18","modified_gmt":"2025-07-24T13:46:18","slug":"area-vacanza","status":"publish","type":"page","link":"https:\/\/www.ferienwohnung-suedtirol.com\/it\/area-vacanza\/","title":{"rendered":"Area vacanza"},"content":{"rendered":"<p>[et_pb_section fb_built=&#8221;1&#8243; fullwidth=&#8221;on&#8221; _builder_version=&#8221;4.16&#8243; global_colors_info=&#8221;{}&#8221;][et_pb_fullwidth_slider _builder_version=&#8221;4.16&#8243; header_level=&#8221;h1&#8243; header_font=&#8221;|800|on||||||&#8221; header_font_size=&#8221;30px&#8221; min_height=&#8221;800px&#8221; custom_margin=&#8221;||-1px|||&#8221; custom_padding=&#8221;||555px|||&#8221; global_colors_info=&#8221;{}&#8221;][et_pb_slide heading=&#8221;Residence Val Pusteria &#8211; Vacanza Alto Adige&#8221; _builder_version=&#8221;4.16&#8243; background_image=&#8221;https:\/\/www.ferienwohnung-suedtirol.com\/wp-content\/uploads\/2020\/04\/idm06219hawi.jpg&#8221; background_enable_image=&#8221;on&#8221; global_colors_info=&#8221;{}&#8221; sticky_transition=&#8221;on&#8221;]Lago di Braies: il lago pi\u00f9 bello e pi\u00f9 conosciuto della Val Pusteria in Alto Adige.[\/et_pb_slide][et_pb_slide _builder_version=&#8221;4.16&#8243; background_image=&#8221;https:\/\/www.ferienwohnung-suedtirol.com\/wp-content\/uploads\/2020\/03\/Bruneck-Kronplatz-Tourismus-Helmut-Rier-2.jpg&#8221; background_enable_image=&#8221;on&#8221; global_colors_info=&#8221;{}&#8221; sticky_transition=&#8221;on&#8221;][\/et_pb_slide][et_pb_slide _builder_version=&#8221;4.16&#8243; background_image=&#8221;https:\/\/www.ferienwohnung-suedtirol.com\/wp-content\/uploads\/2020\/03\/DJI_0081_HDR.jpg&#8221; background_enable_image=&#8221;on&#8221; global_colors_info=&#8221;{}&#8221; sticky_transition=&#8221;on&#8221;][\/et_pb_slide][\/et_pb_fullwidth_slider][\/et_pb_section][et_pb_section fb_built=&#8221;1&#8243; _builder_version=&#8221;4.16&#8243; custom_padding=&#8221;49px|||||&#8221; global_colors_info=&#8221;{}&#8221;][et_pb_row _builder_version=&#8221;4.16&#8243; global_colors_info=&#8221;{}&#8221;][et_pb_column type=&#8221;4_4&#8243; _builder_version=&#8221;4.16&#8243; global_colors_info=&#8221;{}&#8221;][et_pb_cta title=&#8221;Vacanza in Val Pusteria \u2013 Alto Adige: Natura, relax e avventure indimenticabili&#8221; _builder_version=&#8221;4.25.2&#8243; header_text_color=&#8221;#000000&#8243; body_text_color=&#8221;#000000&#8243; background_color=&#8221;#d6d6d6&#8243; hover_enabled=&#8221;0&#8243; global_colors_info=&#8221;{}&#8221; sticky_enabled=&#8221;0&#8243;]<\/p>\n<p data-start=\"215\" data-end=\"626\">Una <strong data-start=\"219\" data-end=\"260\">vacanza in Val Pusteria in Alto Adige<\/strong> \u00e8 sinonimo di paesaggi mozzafiato, autentica ospitalit\u00e0 alpina e momenti di puro benessere. La Val Pusteria si estende dalla zona orientale dell\u2019Alta Pusteria, nei pressi di Sesto, fino alle porte della citt\u00e0 vescovile di Bressanone, nella Valle Isarco. Situata nel cuore delle Dolomiti, questa regione \u00e8 una delle mete turistiche pi\u00f9 amate del Trentino-Alto Adige.<\/p>\n<p data-start=\"628\" data-end=\"931\">Al centro della Val Pusteria si trova la pittoresca cittadina di <strong data-start=\"693\" data-end=\"704\">Brunico<\/strong>, circondata da incantevoli localit\u00e0 come Riscone, Stegona, San Giorgio, Villa Santa Caterina e Teodone. Qui vi attendono tradizione, cultura, cucina tipica altoatesina e tante attivit\u00e0 all\u2019aria aperta, ideali in ogni stagione.<\/p>\n<p data-start=\"933\" data-end=\"1317\">Durante la vostra <strong data-start=\"951\" data-end=\"978\">vacanza in Val Pusteria<\/strong>, non perdetevi i gioielli naturali della zona: le maestose <strong data-start=\"1038\" data-end=\"1062\">Tre Cime di Lavaredo<\/strong>, il famoso <strong data-start=\"1074\" data-end=\"1092\">Lago di Braies<\/strong>, il tranquillo <strong data-start=\"1108\" data-end=\"1128\">Lago di Dobbiaco<\/strong> e l\u2019idilliaco <strong data-start=\"1143\" data-end=\"1165\">Lago di Anterselva<\/strong>. Che si tratti di escursioni, giri in bici, arrampicate o semplicemente relax in mezzo alla natura, la Val Pusteria offre esperienze per tutti i gusti.<\/p>\n<p data-start=\"1319\" data-end=\"1677\">Per il vostro soggiorno proponiamo <strong data-start=\"1354\" data-end=\"1440\">appartamenti vacanze esclusivi in Val Pusteria con vista panoramica sulle montagne<\/strong>. Che siate una coppia in cerca di romanticismo o una famiglia pronta all\u2019avventura, abbiamo l\u2019alloggio perfetto per voi. Le nostre strutture sono moderne, confortevoli, immerse nel verde e ben collegate ai principali punti di interesse.<\/p>\n<p data-start=\"1679\" data-end=\"1900\">Godetevi una vacanza all\u2019insegna della natura, del gusto e del relax nelle Dolomiti. <strong data-start=\"1764\" data-end=\"1828\">Prenotate ora la vostra vacanza in Val Pusteria \u2013 Alto Adige<\/strong> e lasciatevi incantare dalla magia di questa splendida regione montana.<\/p>\n<p>[\/et_pb_cta][\/et_pb_column][\/et_pb_row][et_pb_row _builder_version=&#8221;4.16&#8243; global_colors_info=&#8221;{}&#8221;][et_pb_column type=&#8221;4_4&#8243; _builder_version=&#8221;4.16&#8243; global_colors_info=&#8221;{}&#8221;][\/et_pb_column][\/et_pb_row][et_pb_row column_structure=&#8221;1_3,1_3,1_3&#8243; _builder_version=&#8221;4.16&#8243; locked=&#8221;off&#8221; global_colors_info=&#8221;{}&#8221;][et_pb_column type=&#8221;1_3&#8243; _builder_version=&#8221;4.16&#8243; global_colors_info=&#8221;{}&#8221;][et_pb_blurb title=&#8221;Valli laterali in Val Pusteria&#8221; image=&#8221;https:\/\/www.ferienwohnung-suedtirol.com\/wp-content\/uploads\/2020\/04\/Bruneck-Panorama-2.jpg&#8221; _builder_version=&#8221;4.16&#8243; header_level=&#8221;h3&#8243; global_colors_info=&#8221;{}&#8221;]<\/p>\n<ul>\n<li>Valle Aurina<\/li>\n<li>Valle di Anterselva<\/li>\n<li>Valle di Casies<\/li>\n<li>Val Badia<\/li>\n<li>Alta Badia<\/li>\n<li>Alta Pusteria<\/li>\n<\/ul>\n<p>[\/et_pb_blurb][\/et_pb_column][et_pb_column type=&#8221;1_3&#8243; _builder_version=&#8221;4.16&#8243; global_colors_info=&#8221;{}&#8221;][et_pb_blurb title=&#8221;Punti d&#8217;interessi in Val Pusteria&#8221; image=&#8221;https:\/\/www.ferienwohnung-suedtirol.com\/wp-content\/uploads\/2020\/04\/idm07195hawi.jpg&#8221; _builder_version=&#8221;4.16&#8243; header_level=&#8221;h3&#8243; global_colors_info=&#8221;{}&#8221;]<\/p>\n<ul>\n<li>Lago di Braies<\/li>\n<li>Lago di Anterselva<\/li>\n<li>Lago di Dobbiaco<\/li>\n<li>Lago secco<\/li>\n<li>Lago di Misurina<\/li>\n<\/ul>\n<p>[\/et_pb_blurb][\/et_pb_column][et_pb_column type=&#8221;1_3&#8243; _builder_version=&#8221;4.16&#8243; global_colors_info=&#8221;{}&#8221;][et_pb_blurb title=&#8221;Escursioni in Val Pusteria&#8221; image=&#8221;https:\/\/www.ferienwohnung-suedtirol.com\/wp-content\/uploads\/2020\/04\/kro00088dide.jpg&#8221; _builder_version=&#8221;4.16&#8243; header_level=&#8221;h3&#8243; global_colors_info=&#8221;{}&#8221;]<\/p>\n<ul>\n<li>Tre Cime di Lavaredo<\/li>\n<li>Prato Piazza<\/li>\n<li>malga G\u00f6nner<\/li>\n<li>malga Uwald<\/li>\n<li>malga Pertinger<\/li>\n<\/ul>\n<p>[\/et_pb_blurb][\/et_pb_column][\/et_pb_row][et_pb_row _builder_version=&#8221;4.16&#8243; global_colors_info=&#8221;{}&#8221;][et_pb_column type=&#8221;4_4&#8243; _builder_version=&#8221;4.16&#8243; global_colors_info=&#8221;{}&#8221;][et_pb_image src=&#8221;https:\/\/www.ferienwohnung-suedtirol.com\/wp-content\/uploads\/2020\/03\/Bruneck-Panorama-2.jpg&#8221; _builder_version=&#8221;4.16&#8243; global_colors_info=&#8221;{}&#8221;][\/et_pb_image][\/et_pb_column][\/et_pb_row][et_pb_row _builder_version=&#8221;4.16&#8243; global_colors_info=&#8221;{}&#8221;][et_pb_column type=&#8221;4_4&#8243; _builder_version=&#8221;4.16&#8243; global_colors_info=&#8221;{}&#8221;][et_pb_image src=&#8221;https:\/\/www.ferienwohnung-suedtirol.com\/wp-content\/uploads\/2020\/04\/idm06219hawi.jpg&#8221; _builder_version=&#8221;4.16&#8243; global_colors_info=&#8221;{}&#8221;][\/et_pb_image][\/et_pb_column][\/et_pb_row][et_pb_row _builder_version=&#8221;4.16&#8243; global_colors_info=&#8221;{}&#8221;][et_pb_column type=&#8221;4_4&#8243; _builder_version=&#8221;4.16&#8243; global_colors_info=&#8221;{}&#8221;][et_pb_image src=&#8221;https:\/\/www.ferienwohnung-suedtirol.com\/wp-content\/uploads\/2020\/04\/smg01389heri.jpg&#8221; _builder_version=&#8221;4.16&#8243; global_colors_info=&#8221;{}&#8221;][\/et_pb_image][\/et_pb_column][\/et_pb_row][\/et_pb_section][et_pb_section fb_built=&#8221;1&#8243; _builder_version=&#8221;4.16&#8243; global_colors_info=&#8221;{}&#8221;][et_pb_row _builder_version=&#8221;4.16&#8243; locked=&#8221;off&#8221; global_colors_info=&#8221;{}&#8221;][et_pb_column type=&#8221;4_4&#8243; _builder_version=&#8221;4.16&#8243; global_colors_info=&#8221;{}&#8221;][et_pb_cta title=&#8221;Residence Val Pusteria&#8221; button_url=&#8221;https:\/\/www.ferienwohnung-suedtirol.com\/it\/&#8221; button_text=&#8221;Appartamenti Alto Adige&#8221; _builder_version=&#8221;4.16&#8243; header_text_color=&#8221;#000000&#8243; body_text_color=&#8221;#000000&#8243; background_color=&#8221;#d6d6d6&#8243; global_colors_info=&#8221;{}&#8221;]Siete alla ricerca di un appartamento per le vacanze in Val Pusteria? Saremo lieti di inviarvi un&#8217;offerta di vacanze senza impegno.[\/et_pb_cta][\/et_pb_column][\/et_pb_row][et_pb_row column_structure=&#8221;1_4,1_4,1_4,1_4&#8243; _builder_version=&#8221;4.16&#8243; global_colors_info=&#8221;{}&#8221;][et_pb_column type=&#8221;1_4&#8243; _builder_version=&#8221;4.16&#8243; global_colors_info=&#8221;{}&#8221;][et_pb_button button_url=&#8221;http:\/\/www.ferienwohnung-suedtirol.com\/it&#8221; button_text=&#8221;Appartamenti Alto Adige&#8221; _builder_version=&#8221;4.16&#8243; global_colors_info=&#8221;{}&#8221;][\/et_pb_button][\/et_pb_column][et_pb_column type=&#8221;1_4&#8243; _builder_version=&#8221;4.16&#8243; global_colors_info=&#8221;{}&#8221;][et_pb_button button_url=&#8221;https:\/\/www.ferienwohnung-suedtirol.com\/it\/riscone\/&#8221; button_text=&#8221;Residence Riscone&#8221; _builder_version=&#8221;4.16&#8243; global_colors_info=&#8221;{}&#8221;][\/et_pb_button][\/et_pb_column][et_pb_column type=&#8221;1_4&#8243; _builder_version=&#8221;4.16&#8243; global_colors_info=&#8221;{}&#8221;][et_pb_button button_url=&#8221;https:\/\/www.ferienwohnung-suedtirol.com\/it\/brunico\/&#8221; button_text=&#8221;Residence Brunico&#8221; _builder_version=&#8221;4.16&#8243; global_colors_info=&#8221;{}&#8221;][\/et_pb_button][\/et_pb_column][et_pb_column type=&#8221;1_4&#8243; _builder_version=&#8221;4.16&#8243; global_colors_info=&#8221;{}&#8221;][et_pb_button button_url=&#8221;https:\/\/www.ferienwohnung-suedtirol.com\/it\/area-vacanza\/&#8221; button_text=&#8221;Residence Val Pusteria&#8221; _builder_version=&#8221;4.16&#8243; global_colors_info=&#8221;{}&#8221;][\/et_pb_button][\/et_pb_column][\/et_pb_row][\/et_pb_section][et_pb_section fb_built=&#8221;1&#8243; _builder_version=&#8221;4.16&#8243; global_colors_info=&#8221;{}&#8221;][et_pb_row _builder_version=&#8221;4.16&#8243; global_colors_info=&#8221;{}&#8221;][et_pb_column type=&#8221;4_4&#8243; _builder_version=&#8221;4.16&#8243; global_colors_info=&#8221;{}&#8221;][et_pb_code _builder_version=&#8221;4.16&#8243; global_colors_info=&#8221;{}&#8221;]<\/p>\n<div><script type=\"text\/javascript\" src=\"\/\/widgets.peer.biz\/map\/de\/15\/embed\/h2767\/s1080x720\/\"><\/script><pee>Interaktive Karte von <a href=\"https:\/\/www.suedtirolerland.it\/de\/suedtirol\/pustertal\/bruneck\/\">Bruneck<\/a> \u00a9 <a href=\"https:\/\/www.suedtirolerland.it\/\">suedtirolerland.it<\/a><\/pee><\/div>\n<p>[\/et_pb_code][\/et_pb_column][\/et_pb_row][\/et_pb_section][et_pb_section fb_built=&#8221;1&#8243; _builder_version=&#8221;4.16&#8243; background_color=&#8221;#d6d6d6&#8243; global_colors_info=&#8221;{}&#8221;][et_pb_row column_structure=&#8221;1_3,1_3,1_3&#8243; _builder_version=&#8221;4.16&#8243; background_color=&#8221;#d6d6d6&#8243; global_colors_info=&#8221;{}&#8221;][et_pb_column type=&#8221;1_3&#8243; _builder_version=&#8221;4.16&#8243; global_colors_info=&#8221;{}&#8221;][et_pb_blurb title=&#8221;Appartamenti Andreas ****&#8221; _builder_version=&#8221;4.16&#8243; custom_margin=&#8221;|||10px|false|false&#8221; global_colors_info=&#8221;{}&#8221;]<\/p>\n<p>Oberpertinger Andreas<br \/> Via Burg 37 b<br \/> <strong>I-39031 Riscone \/ Brunico (BZ)<\/strong><\/p>\n<p>Alto Adige \/ Val Pusteria \/ Dolomiti<br \/>Kronplatz \/ Plan de Corones<\/p>\n<p>[\/et_pb_blurb][\/et_pb_column][et_pb_column type=&#8221;1_3&#8243; _builder_version=&#8221;4.16&#8243; global_colors_info=&#8221;{}&#8221;][et_pb_text _builder_version=&#8221;4.25.2&#8243; background_color=&#8221;#d6d6d6&#8243; global_colors_info=&#8221;{}&#8221;]<\/p>\n<p>Tel. 0039 348 2210273<\/p>\n<p>Whats-App 0039 348 2210273<\/p>\n<p>CIN: IT021013B439XUW2YM<\/p>\n<p>[\/et_pb_text][\/et_pb_column][et_pb_column type=&#8221;1_3&#8243; _builder_version=&#8221;4.16&#8243; global_colors_info=&#8221;{}&#8221;][et_pb_text _builder_version=&#8221;4.16&#8243; background_color=&#8221;#d6d6d6&#8243; global_colors_info=&#8221;{}&#8221;]<\/p>\n<p>P.I. 02257390217<\/p>\n<p>&nbsp;<\/p>\n<p>[\/et_pb_text][et_pb_menu menu_id=&#8221;57&#8243; _builder_version=&#8221;4.16&#8243; background_color=&#8221;#d6d6d6&#8243; global_colors_info=&#8221;{}&#8221;][\/et_pb_menu][et_pb_social_media_follow _builder_version=&#8221;4.16&#8243; global_colors_info=&#8221;{}&#8221;][et_pb_social_media_follow_network social_network=&#8221;facebook&#8221; url=&#8221;https:\/\/www.facebook.com\/app.andreas\/&#8221; _builder_version=&#8221;4.16&#8243; background_color=&#8221;#3b5998&#8243; global_colors_info=&#8221;{}&#8221; follow_button=&#8221;off&#8221; url_new_window=&#8221;on&#8221;]facebook[\/et_pb_social_media_follow_network][et_pb_social_media_follow_network social_network=&#8221;instagram&#8221; url=&#8221;https:\/\/www.instagram.com\/app_andreas\/&#8221; _builder_version=&#8221;4.16&#8243; background_color=&#8221;#ea2c59&#8243; global_colors_info=&#8221;{}&#8221; follow_button=&#8221;off&#8221; url_new_window=&#8221;on&#8221;]instagram[\/et_pb_social_media_follow_network][et_pb_social_media_follow_network social_network=&#8221;youtube&#8221; url=&#8221;https:\/\/www.youtube.com\/watch?v=p60RBjQ0fuQ&#8221; _builder_version=&#8221;4.16&#8243; background_color=&#8221;#a82400&#8243; global_colors_info=&#8221;{}&#8221; follow_button=&#8221;off&#8221; url_new_window=&#8221;on&#8221;]youtube[\/et_pb_social_media_follow_network][\/et_pb_social_media_follow][\/et_pb_column][\/et_pb_row][\/et_pb_section]<\/p>\n","protected":false},"excerpt":{"rendered":"<p>Lago di Braies: il lago pi\u00f9 bello e pi\u00f9 conosciuto della Val Pusteria in Alto Adige.Una vacanza in Val Pusteria in Alto Adige \u00e8 sinonimo di paesaggi mozzafiato, autentica ospitalit\u00e0 alpina e momenti di puro benessere. La Val Pusteria si estende dalla zona orientale dell\u2019Alta Pusteria, nei pressi di Sesto, fino alle porte della citt\u00e0 [&hellip;]<\/p>\n","protected":false},"author":1,"featured_media":0,"parent":0,"menu_order":0,"comment_status":"closed","ping_status":"closed","template":"","meta":{"_et_pb_use_builder":"on","_et_pb_old_content":"","_et_gb_content_width":"","footnotes":""},"class_list":["post-1413","page","type-page","status-publish","hentry"],"yoast_head":"<!-- This site is optimized with the Yoast SEO plugin v26.9 - https:\/\/yoast.com\/product\/yoast-seo-wordpress\/ -->\n<title>\u25b6 Appartamento Val Pusteria - Residence in Alto Adige<\/title>\n<meta name=\"description\" content=\"\u25b6 Residence Val Pusteria - appartamento vacanze Alto Adige \u2665 Stai programmando la tua prossima vacanza in Alto Adige? \u2705 appartamenti vacanze per famiglia in Val Pusteria, per escursioni ? e ? bicicletta...\" \/>\n<meta name=\"robots\" content=\"index, follow, max-snippet:-1, max-image-preview:large, max-video-preview:-1\" \/>\n<link rel=\"canonical\" href=\"https:\/\/www.ferienwohnung-suedtirol.com\/it\/area-vacanza\/\" \/>\n<meta property=\"og:locale\" content=\"it_IT\" \/>\n<meta property=\"og:type\" content=\"article\" \/>\n<meta property=\"og:title\" content=\"\u25b6 Appartamento Val Pusteria - Residence in Alto Adige\" \/>\n<meta property=\"og:description\" content=\"\u25b6 Residence Val Pusteria - appartamento vacanze Alto Adige \u2665 Stai programmando la tua prossima vacanza in Alto Adige? \u2705 appartamenti vacanze per famiglia in Val Pusteria, per escursioni ? e ? bicicletta...\" \/>\n<meta property=\"og:url\" content=\"https:\/\/www.ferienwohnung-suedtirol.com\/it\/area-vacanza\/\" \/>\n<meta property=\"og:site_name\" content=\"Ferienwohnung S\u00fcdtirol - App. Andreas - in Reischach bei Bruneck\" \/>\n<meta property=\"article:publisher\" content=\"https:\/\/www.facebook.com\/app.andreas\" \/>\n<meta property=\"article:modified_time\" content=\"2025-07-24T13:46:18+00:00\" \/>\n<meta name=\"twitter:card\" content=\"summary_large_image\" \/>\n<meta name=\"twitter:label1\" content=\"Tempo di lettura stimato\" \/>\n\t<meta name=\"twitter:data1\" content=\"7 minuti\" \/>\n<script type=\"application\/ld+json\" class=\"yoast-schema-graph\">{\"@context\":\"https:\/\/schema.org\",\"@graph\":[{\"@type\":\"WebPage\",\"@id\":\"https:\/\/www.ferienwohnung-suedtirol.com\/it\/area-vacanza\/\",\"url\":\"https:\/\/www.ferienwohnung-suedtirol.com\/it\/area-vacanza\/\",\"name\":\"\u25b6 Appartamento Val Pusteria - Residence in Alto Adige\",\"isPartOf\":{\"@id\":\"https:\/\/www.ferienwohnung-suedtirol.com\/it\/#website\"},\"datePublished\":\"2020-04-26T08:56:02+00:00\",\"dateModified\":\"2025-07-24T13:46:18+00:00\",\"description\":\"\u25b6 Residence Val Pusteria - appartamento vacanze Alto Adige \u2665 Stai programmando la tua prossima vacanza in Alto Adige? \u2705 appartamenti vacanze per famiglia in Val Pusteria, per escursioni ? e ? bicicletta...\",\"breadcrumb\":{\"@id\":\"https:\/\/www.ferienwohnung-suedtirol.com\/it\/area-vacanza\/#breadcrumb\"},\"inLanguage\":\"it-IT\",\"potentialAction\":[{\"@type\":\"ReadAction\",\"target\":[\"https:\/\/www.ferienwohnung-suedtirol.com\/it\/area-vacanza\/\"]}]},{\"@type\":\"BreadcrumbList\",\"@id\":\"https:\/\/www.ferienwohnung-suedtirol.com\/it\/area-vacanza\/#breadcrumb\",\"itemListElement\":[{\"@type\":\"ListItem\",\"position\":1,\"name\":\"Startseite\",\"item\":\"https:\/\/www.ferienwohnung-suedtirol.com\/it\/\"},{\"@type\":\"ListItem\",\"position\":2,\"name\":\"Area vacanza\"}]},{\"@type\":\"WebSite\",\"@id\":\"https:\/\/www.ferienwohnung-suedtirol.com\/it\/#website\",\"url\":\"https:\/\/www.ferienwohnung-suedtirol.com\/it\/\",\"name\":\"Ferienwohnung S\u00fcdtirol - App. Andreas - in Reischach bei Bruneck\",\"description\":\"Traumhafte Panorama-Ferienwohnungen mit Sonnenterrasse, in S\u00fcdtirol im Ort Reischach bei Bruneck. Sauna &amp; Schwimmbad im Cron 4, N\u00e4he der Aufstiegsanlagen &amp; Skipisten Kronplatz, Wandern &amp; Biken in die verschiedenen Gebieten im Pustertal \/ Dolomiten....\",\"potentialAction\":[{\"@type\":\"SearchAction\",\"target\":{\"@type\":\"EntryPoint\",\"urlTemplate\":\"https:\/\/www.ferienwohnung-suedtirol.com\/it\/?s={search_term_string}\"},\"query-input\":{\"@type\":\"PropertyValueSpecification\",\"valueRequired\":true,\"valueName\":\"search_term_string\"}}],\"inLanguage\":\"it-IT\"}]}<\/script>\n<!-- \/ Yoast SEO plugin. -->","yoast_head_json":{"title":"\u25b6 Appartamento Val Pusteria - Residence in Alto Adige","description":"\u25b6 Residence Val Pusteria - appartamento vacanze Alto Adige \u2665 Stai programmando la tua prossima vacanza in Alto Adige? \u2705 appartamenti vacanze per famiglia in Val Pusteria, per escursioni ? e ? bicicletta...","robots":{"index":"index","follow":"follow","max-snippet":"max-snippet:-1","max-image-preview":"max-image-preview:large","max-video-preview":"max-video-preview:-1"},"canonical":"https:\/\/www.ferienwohnung-suedtirol.com\/it\/area-vacanza\/","og_locale":"it_IT","og_type":"article","og_title":"\u25b6 Appartamento Val Pusteria - Residence in Alto Adige","og_description":"\u25b6 Residence Val Pusteria - appartamento vacanze Alto Adige \u2665 Stai programmando la tua prossima vacanza in Alto Adige? \u2705 appartamenti vacanze per famiglia in Val Pusteria, per escursioni ? e ? bicicletta...","og_url":"https:\/\/www.ferienwohnung-suedtirol.com\/it\/area-vacanza\/","og_site_name":"Ferienwohnung S\u00fcdtirol - App. Andreas - in Reischach bei Bruneck","article_publisher":"https:\/\/www.facebook.com\/app.andreas","article_modified_time":"2025-07-24T13:46:18+00:00","twitter_card":"summary_large_image","twitter_misc":{"Tempo di lettura stimato":"7 minuti"},"schema":{"@context":"https:\/\/schema.org","@graph":[{"@type":"WebPage","@id":"https:\/\/www.ferienwohnung-suedtirol.com\/it\/area-vacanza\/","url":"https:\/\/www.ferienwohnung-suedtirol.com\/it\/area-vacanza\/","name":"\u25b6 Appartamento Val Pusteria - Residence in Alto Adige","isPartOf":{"@id":"https:\/\/www.ferienwohnung-suedtirol.com\/it\/#website"},"datePublished":"2020-04-26T08:56:02+00:00","dateModified":"2025-07-24T13:46:18+00:00","description":"\u25b6 Residence Val Pusteria - appartamento vacanze Alto Adige \u2665 Stai programmando la tua prossima vacanza in Alto Adige? \u2705 appartamenti vacanze per famiglia in Val Pusteria, per escursioni ? e ? bicicletta...","breadcrumb":{"@id":"https:\/\/www.ferienwohnung-suedtirol.com\/it\/area-vacanza\/#breadcrumb"},"inLanguage":"it-IT","potentialAction":[{"@type":"ReadAction","target":["https:\/\/www.ferienwohnung-suedtirol.com\/it\/area-vacanza\/"]}]},{"@type":"BreadcrumbList","@id":"https:\/\/www.ferienwohnung-suedtirol.com\/it\/area-vacanza\/#breadcrumb","itemListElement":[{"@type":"ListItem","position":1,"name":"Startseite","item":"https:\/\/www.ferienwohnung-suedtirol.com\/it\/"},{"@type":"ListItem","position":2,"name":"Area vacanza"}]},{"@type":"WebSite","@id":"https:\/\/www.ferienwohnung-suedtirol.com\/it\/#website","url":"https:\/\/www.ferienwohnung-suedtirol.com\/it\/","name":"Ferienwohnung S\u00fcdtirol - App. Andreas - in Reischach bei Bruneck","description":"Traumhafte Panorama-Ferienwohnungen mit Sonnenterrasse, in S\u00fcdtirol im Ort Reischach bei Bruneck. Sauna &amp; Schwimmbad im Cron 4, N\u00e4he der Aufstiegsanlagen &amp; Skipisten Kronplatz, Wandern &amp; Biken in die verschiedenen Gebieten im Pustertal \/ Dolomiten....","potentialAction":[{"@type":"SearchAction","target":{"@type":"EntryPoint","urlTemplate":"https:\/\/www.ferienwohnung-suedtirol.com\/it\/?s={search_term_string}"},"query-input":{"@type":"PropertyValueSpecification","valueRequired":true,"valueName":"search_term_string"}}],"inLanguage":"it-IT"}]}},"_links":{"self":[{"href":"https:\/\/www.ferienwohnung-suedtirol.com\/it\/wp-json\/wp\/v2\/pages\/1413","targetHints":{"allow":["GET"]}}],"collection":[{"href":"https:\/\/www.ferienwohnung-suedtirol.com\/it\/wp-json\/wp\/v2\/pages"}],"about":[{"href":"https:\/\/www.ferienwohnung-suedtirol.com\/it\/wp-json\/wp\/v2\/types\/page"}],"author":[{"embeddable":true,"href":"https:\/\/www.ferienwohnung-suedtirol.com\/it\/wp-json\/wp\/v2\/users\/1"}],"replies":[{"embeddable":true,"href":"https:\/\/www.ferienwohnung-suedtirol.com\/it\/wp-json\/wp\/v2\/comments?post=1413"}],"version-history":[{"count":9,"href":"https:\/\/www.ferienwohnung-suedtirol.com\/it\/wp-json\/wp\/v2\/pages\/1413\/revisions"}],"predecessor-version":[{"id":2340,"href":"https:\/\/www.ferienwohnung-suedtirol.com\/it\/wp-json\/wp\/v2\/pages\/1413\/revisions\/2340"}],"wp:attachment":[{"href":"https:\/\/www.ferienwohnung-suedtirol.com\/it\/wp-json\/wp\/v2\/media?parent=1413"}],"curies":[{"name":"wp","href":"https:\/\/api.w.org\/{rel}","templated":true}]}}